{"id":60,"date":"2020-01-06T23:53:21","date_gmt":"2020-01-06T22:53:21","guid":{"rendered":"http:\/\/leskiris.be\/?page_id=60"},"modified":"2026-03-13T18:47:41","modified_gmt":"2026-03-13T17:47:41","slug":"repertoire","status":"publish","type":"page","link":"https:\/\/leskiris.be\/index.php\/repertoire\/","title":{"rendered":"Notre R\u00e9pertoire"},"content":{"rendered":"<h2 style=\"padding-left: 40px;\"><a name=\"haut\"><\/a>Notre prochaine prestation:\u00a0<\/h2>\r\n<h3>\u00a0 \u00a0 \u00a0 \u00a0 \u00a0 \u00a0 \u00a0Feel good<\/h3>\r\n<p>\u00a0 \u00a0 \u00a0 \u00a0 \u00a0 \u00a0 \u00a0 \u00a0<strong> \u00a0 01. Destination ailleurs<\/strong><\/p>\r\n<p>\u00a0 \u00a0 \u00a0 \u00a0 \u00a0 \u00a0 \u00a0 \u00a0<strong> \u00a0 02. Speed<\/strong><\/p>\r\n<p>\u00a0 \u00a0 \u00a0 \u00a0 \u00a0 \u00a0 \u00a0 \u00a0 \u00a0 <strong>03. Notes<\/strong><\/p>\r\n<p>\u00a0 \u00a0 \u00a0 \u00a0 \u00a0 \u00a0 \u00a0 \u00a0 \u00a0<strong> \u00a004. Bleue<\/strong><\/p>\r\n<p>\u00a0 \u00a0 \u00a0 \u00a0 \u00a0 \u00a0 \u00a0 \u00a0 \u00a0 <strong>\u00a005. La symphonie des \u00e9clairs\u00a0<\/strong><\/p>\r\n<p>\u00a0 \u00a0 \u00a0 \u00a0 \u00a0 \u00a0 \u00a0 \u00a0 \u00a0<strong> 06. Il est temps \u00e0 nouvea<\/strong><\/p>\r\n<p>\u00a0 \u00a0 \u00a0 \u00a0 \u00a0 \u00a0 \u00a0 \u00a0 <strong>\u00a0 07. Popcorn sal\u00e9<\/strong><\/p>\r\n<p>&nbsp;<\/p>\r\n<h4 style=\"padding-left: 40px;\">Les demoiselles swinguent \u00e0 Rochefort!<\/h4>\r\n<p style=\"padding-left: 40px;\"><em>( Musique: Michel Legrand; paroles: Jacques Demy ; Arrangements Pierre-G\u00e9rard Verny)<\/em><\/p>\r\n<p style=\"padding-left: 40px;\">\u00e7a va swinguer!!<\/p>\r\n<audio class=\"wp-audio-shortcode\" id=\"audio-60-1\" preload=\"none\" style=\"width: 100%;\" controls=\"controls\"><source type=\"audio\/mpeg\" src=\"https:\/\/leskiris.be\/wp-content\/uploads\/2023\/08\/01-L-ARRIVEE-DES-CAMIONNEURS-ALTO.mp3?_=1\" \/><a href=\"https:\/\/leskiris.be\/wp-content\/uploads\/2023\/08\/01-L-ARRIVEE-DES-CAMIONNEURS-ALTO.mp3\">https:\/\/leskiris.be\/wp-content\/uploads\/2023\/08\/01-L-ARRIVEE-DES-CAMIONNEURS-ALTO.mp3<\/a><\/audio>\r\n<p style=\"padding-left: 40px;\"><strong>Le programme :<\/strong><\/p>\r\n<p style=\"padding-left: 80px;\"><strong>01. Arriv\u00e9e des camionneurs.<\/strong><\/p>\r\n<p style=\"padding-left: 80px;\"><strong>02. chanson des jumelles.<\/strong><\/p>\r\n<p style=\"padding-left: 80px;\"><strong>03. Chanson de Delphine \u00e0 Lancien<\/strong><\/p>\r\n<p style=\"padding-left: 80px;\"><strong>04. Duo de Delphine et Maxence<\/strong><\/p>\r\n<p style=\"padding-left: 80px;\"><strong>05. Nous voyageons de ville en ville<\/strong><\/p>\r\n<p style=\"padding-left: 80px;\"><strong>\/06. marins, amis, amants ou maris<\/strong><\/p>\r\n<p style=\"padding-left: 80px;\"><strong>07. Chanson d Andy<\/strong><\/p>\r\n<p style=\"padding-left: 80px;\"><strong>08. La chanson de Solange<\/strong><\/p>\r\n<p style=\"padding-left: 80px;\"><strong>09. Chanson d&rsquo;Yvonne<\/strong><\/p>\r\n<p style=\"padding-left: 80px;\"><strong>10. Dans le port de Hambourg<\/strong><\/p>\r\n<p style=\"padding-left: 80px;\"><strong>11. La femme coup\u00e9e en morceaux<\/strong><\/p>\r\n<p style=\"padding-left: 80px;\"><strong>12. Chanson d&rsquo;Andy<\/strong><\/p>\r\n<p style=\"padding-left: 80px;\"><strong>13. Andy amoureux<\/strong><\/p>\r\n<p style=\"padding-left: 80px;\"><strong>14. Chanson d&rsquo;un jour d&rsquo;\u00e9t\u00e9<\/strong><\/p>\r\n<h4 style=\"padding-left: 40px;\">Notre prestatio<strong>n actuelle: <\/strong>Histoires de\u2026 femmes!<\/h4>\r\n<p style=\"padding-left: 40px;\"><!-- \/wp:post-content -->\r\n\r\n<!-- wp:paragraph --><\/p>\r\n<p style=\"padding-left: 40px;\"><!-- \/wp:paragraph -->\r\n\r\n<!-- wp:paragraph --><\/p>\r\n<p style=\"padding-left: 40px;\">Nous rendrons hommage \u00e0 toutes les femmes du monde, \u00e0 leurs combats et leurs diverses qualit\u00e9s. <br \/>Hommes et femmes sont en effet des \u00eatres d&rsquo;\u00e9gale dignit\u00e9.<br \/>Citons <strong>Simone Veil<\/strong>.<br \/>\u2013 Il est Impossible de parler d\u2019avanc\u00e9e des droits des femmes sans \u00e9voquer celle gr\u00e2ce \u00e0 qui les Fran\u00e7aises ont enfin repris le contr\u00f4le sur leur corps en rendant l\u00e9gal l&rsquo;avortement en 1975, et ce malgr\u00e9 une opposition parfois violente. 4 ans plus tard, elle devient la premi\u00e8re femme pr\u00e9sidente du Parlement europ\u00e9en. F\u00e9ministe et humaniste, elle se consacre \u00e0 la m\u00e9moire de la Shoah, dont elle est rescap\u00e9e, et \u00e0 la d\u00e9fense de la cause des femmes, partout \u00e0 travers le monde.<\/p>\r\n<p style=\"padding-left: 40px;\"><!-- \/wp:paragraph -->\r\n\r\n<!-- wp:image {\"width\":254,\"height\":186} --><\/p>\r\n<ul>\r\n<li style=\"list-style-type: none;\">\r\n<ul>\r\n<li class=\"wp-block-image is-resized\" style=\"text-align: left;\"><img loading=\"lazy\" decoding=\"async\" src=\"https:\/\/assets.afcdn.com\/story\/20151111\/809541_w1000.jpg\" alt=\"\" width=\"254\" height=\"186\" \/><\/li>\r\n<li><strong><strong><em>Simone Veil<\/em><\/strong><\/strong><\/li>\r\n<li><strong><strong><em><br \/><\/em><\/strong><\/strong>\r\n<audio class=\"wp-audio-shortcode\" id=\"audio-60-2\" preload=\"none\" style=\"width: 100%;\" controls=\"controls\"><source type=\"audio\/mpeg\" src=\"https:\/\/leskiris.be\/wp-content\/uploads\/2023\/08\/En-attendant-ses-pas-TUTTI-avec-instru.mp3?_=2\" \/><a href=\"https:\/\/leskiris.be\/wp-content\/uploads\/2023\/08\/En-attendant-ses-pas-TUTTI-avec-instru.mp3\">https:\/\/leskiris.be\/wp-content\/uploads\/2023\/08\/En-attendant-ses-pas-TUTTI-avec-instru.mp3<\/a><\/audio>\r\n<\/li>\r\n<\/ul>\r\n<\/li>\r\n<\/ul>\r\n<p style=\"padding-left: 40px;\"><strong><strong><em>Au programme:<\/em><\/strong><\/strong><strong><strong><em><br \/><\/em><\/strong><\/strong><\/p>\r\n<p style=\"text-align: left; padding-left: 40px;\">Aux armes citoyennes (choeur de femmes) <strong>ZAZIE\u00a0<\/strong><br \/>Rosa\u00a0 <strong>Pascal OBISPO\u00a0<\/strong><br \/>Ella elle l\u2019a <strong>France GALL<\/strong><br \/>Aurore <strong>Pierre RAPSAT<\/strong><br \/>Si j\u2019\u00e9tais elle <strong>Julien CLERC<\/strong><br \/>La femme id\u00e9ale (petit choeur) <strong>Ben MAZUE<\/strong><br \/>Ta Reine <strong>ANGEL<\/strong><\/p>\r\n<p style=\"text-align: left; padding-left: 40px;\"><span style=\"text-align: right;\">En attendant ses pas <\/span><strong style=\"text-align: right;\">C\u00e9line DION<\/strong><\/p>\r\n<p style=\"text-align: left; padding-left: 40px;\">J\u2019aime les filles (choeur d\u2019hommes) <strong>Jacques DUTRONC\u00a0<\/strong><br \/>Ce Georges <strong>ADAMO\/OLIVIA RUIZ<\/strong><br \/>Et je l\u2019appelle encore (petit choeur) <strong>V\u00e9ronique SANSON\u00a0<\/strong><br \/>Angela<strong> Yannick Noah<\/strong><br \/>Les suds-am\u00e9ricaines <strong>Michel Fugain<\/strong><br \/>Madeleine <strong>Jacques BREL<\/strong><br \/>Femme, femme, femme <strong>Serge LAMI<\/strong><\/p>\r\n<p style=\"text-align: left; padding-left: 40px;\">BIS: les filles d\u2019aujourd\u2019hui J<strong>oyce JONATHAN \/ VIANNEY<\/strong><br \/>TER: Chez Laurette <strong>Michel DELPECHE<\/strong><\/p>\r\n<p style=\"text-align: left; padding-left: 40px;\"><strong><em><br \/><a href=\"#haut\">Retour en haut de la page<\/a><br \/><\/em><\/strong><\/p>\r\n<!-- wp:heading {\"level\":3} -->\r\n<h3 style=\"padding-left: 40px;\">Notre\u00a0 derni\u00e8re prestation: La <strong>Suite Aznavour.<\/strong><\/h3>\r\n<!-- \/wp:heading -->\r\n\r\n<!-- wp:paragraph -->\r\n<p style=\"padding-left: 40px;\">La suite Aznavour rend hommage \u00e0 ce merveilleux compositeur au travers d&rsquo;un arrangement d&rsquo;Olivier Bilquin en quatre mouvements et un postlude. <br \/>On y retrouve:<\/p>\r\n<!-- \/wp:paragraph -->\r\n\r\n<!-- wp:image {\"id\":158,\"width\":296,\"height\":287,\"sizeSlug\":\"large\"} -->\r\n<figure class=\"wp-block-image size-large is-resized\" style=\"padding-left: 40px;\"><img loading=\"lazy\" decoding=\"async\" class=\"wp-image-158\" src=\"https:\/\/leskiris.be\/wp-content\/uploads\/2020\/01\/aznavour.png\" alt=\"\" width=\"296\" height=\"287\" srcset=\"https:\/\/leskiris.be\/wp-content\/uploads\/2020\/01\/aznavour.png 396w, https:\/\/leskiris.be\/wp-content\/uploads\/2020\/01\/aznavour-300x291.png 300w\" sizes=\"auto, (max-width: 296px) 100vw, 296px\" \/>\r\n<figcaption style=\"padding-left: 40px;\"><code><strong>Charles Aznavour<\/strong><\/code><\/figcaption>\r\n<\/figure>\r\n<!-- \/wp:image -->\r\n\r\n<!-- wp:paragraph \/-->\r\n\r\n<!-- wp:audio -->\r\n<figure class=\"wp-block-audio\" style=\"padding-left: 40px;\"><audio src=\"https:\/\/leskiris.be\/wp-content\/uploads\/2020\/01\/AZNsam.mp3\" controls=\"controls\"><\/audio>\r\n<figcaption style=\"padding-left: 40px;\">\u00c9coutez-nous !<\/figcaption>\r\n<\/figure>\r\n<!-- \/wp:audio -->\r\n\r\n<!-- wp:heading {\"level\":4} -->\r\n<h4 style=\"padding-left: 40px;\"><em><strong>Premier mouvement\u00a0: D\u2019un artiste \u00e0 l\u2019autre <\/strong><\/em>.<\/h4>\r\n<!-- \/wp:heading -->\r\n\r\n<!-- wp:paragraph -->\r\n<p style=\"padding-left: 40px;\"><strong>J\u2019MVOYAIS D\u00c9J\u00c0<\/strong><br \/><strong>LES COM\u00c9DIENS<\/strong><br \/><strong>PRENDS LE CHORUS<\/strong><br \/><strong>POUR FAIRE UNE JAM<\/strong><br \/><strong>LES DEUX GUITARES<\/strong><\/p>\r\n<!-- \/wp:paragraph -->\r\n\r\n<!-- wp:heading {\"level\":4} -->\r\n<h4 style=\"padding-left: 40px;\"><strong><em>Deuxi\u00e8me mouvement\u00a0: Le temps qui passe <\/em>.<\/strong><\/h4>\r\n<!-- \/wp:heading -->\r\n\r\n<!-- wp:paragraph -->\r\n<p style=\"padding-left: 40px;\"><strong>Hier encore<br \/>Prends le chorus<br \/>La Boh\u00eame<br \/>Le temps<br \/>Emmenez-moi<br \/>Mes emmerdes <\/strong><\/p>\r\n<!-- \/wp:paragraph -->\r\n\r\n<!-- wp:heading {\"level\":4} -->\r\n<h4 style=\"padding-left: 40px;\"><strong><em>Troisi\u00e8me mouvement\u00a0: l\u2019amour.<\/em><\/strong><\/h4>\r\n<!-- \/wp:heading -->\r\n\r\n<!-- wp:paragraph -->\r\n<p style=\"padding-left: 40px;\"><strong>Les plaisirs d\u00e9mod\u00e9s <\/strong><br \/><strong>Plus bleu que le bleu de tes yeux<\/strong><br \/><strong> Inoubliable <\/strong><br \/><strong>Non, je n\u2019ai rien oubli\u00e9 <\/strong><br \/><strong> For me, formidable <\/strong><\/p>\r\n<!-- \/wp:paragraph -->\r\n\r\n<!-- wp:heading {\"level\":4} -->\r\n<h4 style=\"padding-left: 40px;\"><em> <strong>Quatri\u00e8me<\/strong> mouvement: La s\u00e9paration.<\/em><\/h4>\r\n<!-- \/wp:heading -->\r\n\r\n<!-- wp:paragraph -->\r\n<p style=\"padding-left: 40px;\"><strong>D\u00e9sormais<\/strong><br \/><strong> La Mama<\/strong><br \/><strong>Mourir d&rsquo;aimer<\/strong><br \/><strong>Et pourtant<\/strong><br \/><strong>Que c&rsquo;est triste Venise<\/strong><br \/><strong> Il faut savoir<\/strong><br \/><strong>Sur ma vie<\/strong><\/p>\r\n<!-- \/wp:paragraph -->\r\n\r\n<!-- wp:heading {\"level\":4} -->\r\n<h4 style=\"padding-left: 40px;\"><strong><em>Le Postlude<\/em><\/strong><\/h4>\r\n<!-- \/wp:heading -->\r\n\r\n<!-- wp:paragraph -->\r\n<p style=\"padding-left: 40px;\"><strong><em>\u00cbtre<\/em><\/strong><\/p>\r\n<!-- \/wp:paragraph -->\r\n<p style=\"text-align: right; padding-left: 40px;\"><a href=\"#haut\">Retour en haut de la page<\/a><\/p>\r\n<!-- wp:heading {\"level\":4} -->\r\n<figure class=\"wp-block-image is-resized\"><\/figure>\r\n<!-- \/wp:heading -->\r\n\r\n<!-- wp:heading {\"level\":4} -->\r\n<p style=\"text-align: right;\">\u00a0<\/p><!-- \/wp:heading -->","protected":false},"excerpt":{"rendered":"<p>Notre prochaine prestation:\u00a0 \u00a0 \u00a0 \u00a0 \u00a0 \u00a0 \u00a0 \u00a0Feel good \u00a0 \u00a0 \u00a0 \u00a0 \u00a0 \u00a0 \u00a0 \u00a0 \u00a0 01. Destination ailleurs \u00a0 \u00a0 \u00a0 \u00a0 \u00a0 \u00a0 \u00a0 \u00a0 \u00a0 02. Speed \u00a0 \u00a0 \u00a0 \u00a0 \u00a0 \u00a0 \u00a0 \u00a0 \u00a0 03. Notes \u00a0 \u00a0 \u00a0 \u00a0 \u00a0 \u00a0 \u00a0 \u00a0 \u00a0 \u00a004. &hellip; <a href=\"https:\/\/leskiris.be\/index.php\/repertoire\/\" class=\"more-link\">Continuer la lecture de <span class=\"screen-reader-text\">Notre R\u00e9pertoire<\/span> <span class=\"meta-nav\">&rarr;<\/span><\/a><\/p>\n","protected":false},"author":1,"featured_media":0,"parent":0,"menu_order":0,"comment_status":"closed","ping_status":"closed","template":"","meta":{"two_page_speed":[],"footnotes":""},"class_list":["post-60","page","type-page","status-publish","hentry"],"brizy_attachment_focal_point":"","brizy_media":[],"_links":{"self":[{"href":"https:\/\/leskiris.be\/index.php\/wp-json\/wp\/v2\/pages\/60","targetHints":{"allow":["GET"]}}],"collection":[{"href":"https:\/\/leskiris.be\/index.php\/wp-json\/wp\/v2\/pages"}],"about":[{"href":"https:\/\/leskiris.be\/index.php\/wp-json\/wp\/v2\/types\/page"}],"author":[{"embeddable":true,"href":"https:\/\/leskiris.be\/index.php\/wp-json\/wp\/v2\/users\/1"}],"replies":[{"embeddable":true,"href":"https:\/\/leskiris.be\/index.php\/wp-json\/wp\/v2\/comments?post=60"}],"version-history":[{"count":49,"href":"https:\/\/leskiris.be\/index.php\/wp-json\/wp\/v2\/pages\/60\/revisions"}],"predecessor-version":[{"id":2943,"href":"https:\/\/leskiris.be\/index.php\/wp-json\/wp\/v2\/pages\/60\/revisions\/2943"}],"wp:attachment":[{"href":"https:\/\/leskiris.be\/index.php\/wp-json\/wp\/v2\/media?parent=60"}],"curies":[{"name":"wp","href":"https:\/\/api.w.org\/{rel}","templated":true}]}}